{"id":3076,"date":"2025-11-21T17:53:19","date_gmt":"2025-11-21T17:53:19","guid":{"rendered":"https:\/\/poligon.elrealdegandia.org\/?page_id=3076"},"modified":"2025-11-21T18:05:13","modified_gmt":"2025-11-21T18:05:13","slug":"zona-3","status":"publish","type":"page","link":"https:\/\/poligon.elrealdegandia.org\/es\/zona-3\/","title":{"rendered":"ZONA 3"},"content":{"rendered":"<div id=\"pl-3076\"  class=\"panel-layout\" ><div id=\"pg-3076-0\"  class=\"panel-grid panel-no-style\" ><div id=\"pgc-3076-0-0\"  class=\"panel-grid-cell\" ><div id=\"panel-3076-0-0-0\" class=\"so-panel widget widget_sow-button panel-first-child panel-last-child\" data-index=\"0\" ><div\n\t\t\t\n\t\t\tclass=\"so-widget-sow-button so-widget-sow-button-wire-45d64eb1b7fe-3076\"\n\t\t\t\n\t\t><div class=\"ow-button-base ow-button-align-center\"\n>\n\t\t\t<a\n\t\t\t\t\thref=\"\/es\/zona-1\"\n\t\t\t\t\tclass=\"sowb-button ow-icon-placement-left ow-button-hover\" \t>\n\t\t<span>\n\t\t\t\n\t\t\tZONA 1\t\t<\/span>\n\t\t\t<\/a>\n\t<\/div>\n<\/div><\/div><\/div><div id=\"pgc-3076-0-1\"  class=\"panel-grid-cell\" ><div id=\"panel-3076-0-1-0\" class=\"so-panel widget widget_sow-button panel-first-child panel-last-child\" data-index=\"1\" ><div\n\t\t\t\n\t\t\tclass=\"so-widget-sow-button so-widget-sow-button-wire-1bb39df8640f-3076\"\n\t\t\t\n\t\t><div class=\"ow-button-base ow-button-align-center\"\n>\n\t\t\t<a\n\t\t\t\t\thref=\"\/es\/zona-2\"\n\t\t\t\t\tclass=\"sowb-button ow-icon-placement-left ow-button-hover\" \t>\n\t\t<span>\n\t\t\t\n\t\t\tZONA 2\t\t<\/span>\n\t\t\t<\/a>\n\t<\/div>\n<\/div><\/div><\/div><div id=\"pgc-3076-0-2\"  class=\"panel-grid-cell\" ><div id=\"panel-3076-0-2-0\" class=\"so-panel widget widget_sow-button panel-first-child panel-last-child\" data-index=\"2\" ><div\n\t\t\t\n\t\t\tclass=\"so-widget-sow-button so-widget-sow-button-wire-36847d3cea9c-3076\"\n\t\t\t\n\t\t><div class=\"ow-button-base ow-button-align-center\"\n>\n\t\t\t<a\n\t\t\t\t\thref=\"\/es\/zona-3\"\n\t\t\t\t\tclass=\"sowb-button ow-icon-placement-left ow-button-hover\" \t>\n\t\t<span>\n\t\t\t\n\t\t\tZONA 3\t\t<\/span>\n\t\t\t<\/a>\n\t<\/div>\n<\/div><\/div><\/div><\/div><div id=\"pg-3076-1\"  class=\"panel-grid panel-no-style\" ><div id=\"pgc-3076-1-0\"  class=\"panel-grid-cell\" ><div id=\"panel-3076-1-0-0\" class=\"so-panel widget widget_gd_search geodir-search-container bsui sdel-389bd10c panel-first-child\" data-index=\"3\" ><div class=\"geodir-search-form-wrapper mb-3\">\n\t<form class=\"w-100 d-block geodir-listing-search gd-search-bar-style geodir-search-show-all\" data-show=\"\" name=\"geodir-listing-search\" action=\"https:\/\/poligon.elrealdegandia.org\/es\/search\/\" method=\"get\" style=\"box-sizing:content-box;\">\n\t\t<input type=\"hidden\" name=\"geodir_search\" value=\"1\" \/>\n\t\t\n\t\t<div class=\"geodir-search row gap-2 gy-2 px-3 align-items-center\" style=\"row-gap:0!important;\">\n\t\t\t\t<input type=\"hidden\" name=\"stype\" value=\"gd_place\" data-slug=\"places\" \/><div class='gd-search-field-search col-auto flex-fill\n px-0' style=\"flex-grow:9999 !important;\" data-rule-key=\"s\" data-rule-type=\"text\">\n\t<div class=\"\" ><label class=\"visually-hidden form-label\">Buscar por<\/label><div class=\"input-group-inside position-relative w-100\" ><div class=\"input-group-text  bg-transparent border-0\"><span class=\"geodir-search-input-label hover-swap text-muted\" onclick=\"jQuery('.search_text').val('').trigger('change').trigger('keyup');\" aria-hidden=\"true\"><i class=\"fas fa-search hover-content-original\"><\/i><i class=\"fas fa-times geodir-search-input-label-clear hover-content c-pointer\" title=\"Vaciar el campo\"><\/i><\/span><\/div><input type=\"text\"  name=\"s\"  placeholder=\"Buscar por\"  class=\"form-control search_text gd_search_text w-100\"  onkeydown=\"if(event.keyCode == 13) geodir_click_search(this);\"  onClick=\"this.select();\"  autocomplete=\"off\"  size=\"16\"  aria-label=\"Buscar por\" ><\/div><\/div><\/div>\n<div class='gd-search-field-near col-auto flex-fill\n px-0' style=\"flex-grow:9999 !important;\" data-rule-key=\"near\" data-rule-type=\"text\">\n\t<div class=\"\" ><label class=\"visually-hidden visually-hidden form-label\">Cerca de<\/label><div class=\"input-group-inside position-relative w-100\" ><div class=\"input-group-text  bg-transparent border-0\"><span class=\"geodir-search-input-label hover-swap text-muted\" onclick=\"jQuery('.snear').val('').trigger('change').trigger('keyup');jQuery('.sgeo_lat,.sgeo_lon').val('');\" aria-hidden=\"true\"><i class=\"fas fa-map-marker-alt hover-content-original\"><\/i><i class=\"fas fa-times geodir-search-input-label-clear hover-content c-pointer\" title=\"Vaciar el campo\"><\/i><\/span><\/div><input type=\"text\"  name=\"snear\"  placeholder=\"Cerca de\"  class=\"form-control snear w-100\"  onkeydown=\"javascript: if(event.keyCode == 13) geodir_click_search(this);\"  onClick=\"this.select();\"  autocomplete=\"off\"  size=\"16\"  aria-label=\"Cerca de\" ><\/div><\/div><\/div>\n<div class='gd-search-field-search col-auto flex-grow-1 px-0'>\n\t<div class=''>\n\t\t<button type=\"button\"  class=\"geodir_submit_search btn w-100 btn-primary\"  data-title=\"Buscar\"  aria-label=\"Buscar\"  >Buscar<span class=\"visually-hidden\">Search<\/span><\/button>\n\t<\/div>\n<\/div>\n\t\t<\/div>\n\t\t\t\t<input name=\"sgeo_lat\" class=\"sgeo_lat\" type=\"hidden\" value=\"\"\/>\n\t\t<input name=\"sgeo_lon\" class=\"sgeo_lon\" type=\"hidden\" value=\"\"\/>\n\t\t<div class=\"geodir-keep-args\" style=\"display:none!important\">{\"hide_search_input\":\"0\",\"hide_near_input\":\"0\",\"input_size\":\"\",\"bar_flex_wrap\":\"\",\"bar_flex_wrap_md\":\"\",\"bar_flex_wrap_lg\":\"\",\"input_border\":\"\",\"input_border_opacity\":\"\",\"input_rounded_size\":\"\",\"btn_bg\":\"\",\"btn_rounded_size\":\"\",\"btn_rounded_size_md\":\"\",\"btn_rounded_size_lg\":\"\",\"bg\":\"\",\"mt\":\"\",\"mr\":\"\",\"mb\":\"3\",\"ml\":\"\",\"pt\":\"\",\"pr\":\"\",\"pb\":\"\",\"pl\":\"\",\"border\":\"\",\"rounded\":\"\",\"rounded_size\":\"\",\"rounded_size_md\":\"\",\"rounded_size_lg\":\"\",\"shadow\":\"\",\"css_class\":\"\"}<\/div>\t<\/form>\n<\/div>\n<\/div><div id=\"panel-3076-1-0-1\" class=\"so-panel widget widget_gd_listings geodir-listings bsui sdel-d9197455 panel-last-child\" data-index=\"4\" >\t\t<div id=\"geodir_69edcb096ffe3\" class=\"geodir_locations geodir_location_listing\n\t\t\t\t\t\t\t mb-3\t\t position-relative\">\n\t\t\t\t<div\n\t\tclass=\"row row-cols-1 row-cols-sm-2 geodir-category-list-view geodir-widget-posts geodir-gridview row-cols-md-3\">\n\t\t\n<div class=\"col px-2 mb-2 geodir-post post-637 gd_place type-gd_place status-publish has-post-thumbnail post post-with-thumbnail post-with-thumbnail-icon\" data-post-id=\"637\">\n\t\t<div class=\"card h-100 p-0 m-0 mw-100  \">\n\t<div class=\"card-img-top overflow-hidden position-relative  \">\n\n<div class=\"geodir-post-slider bsui sdel-b2db03d5\" ><div class=\"geodir-image-container geodir-image-sizes-medium_large overflow-hidden\">\n\t\t\t<div class=\"geodir-images aui-gallery geodir-images-n-1 geodir-images-image carousel-inner \">\n\t\t<div class=\"carousel-item active\"><a href='https:\/\/poligon.elrealdegandia.org\/es\/places\/spain\/valencia\/real-de-gandia\/construccion\/afa-pvc-s-l\/' class='geodir-link-image embed-has-action ratio ratio-16x9 ratio ratio-16x9 d-block'><img src='data:image\/png;base64,iVBORw0KGgoAAAANSUhEUgAAAGQAAAABCAQAAACC0sM2AAAADklEQVR42mP8X88wLAAAK5IBgMYCdqgAAAAASUVORK5CYII=' data-src=\"https:\/\/poligon.elrealdegandia.org\/wp-content\/uploads\/2017\/12\/637_afa.jpg\" alt=\"afa\" title=\"afa\" class=\"geodir-lazy-load align size-medium_large geodir-image-105 embed-item-cover-xy w-100 p-0 m-0 mw-100 border-0\" \/><i class=\"fas fa-link w-auto h-auto\" aria-hidden=\"true\"><\/i><\/a><\/div>\t\t<\/div>\n\t\t<\/div>\n<\/div>\n<\/div>\n<div class=\"card-body p-2  \">\n<div class=\"geodir-post-title bsui sdel-1fdff23a\" ><h3 class=\"geodir-entry-title  h5 \"><a href=\"https:\/\/poligon.elrealdegandia.org\/es\/places\/spain\/valencia\/real-de-gandia\/construccion\/afa-pvc-s-l\/\" class=\"\" title=\"Ver: AFA PVC, S.L.\">AFA PVC, S.L.<\/a><\/h3><\/div>\n\n\n\n\n\n<span class=\"bsui gd-badge-meta\"><a href=\"http:\/\/www.afa-pvc.com\" target=\"_blank\" class=\"gd-badge border-0 badge float-start ms-2\" data-id=\"637\" data-badge=\"website\" data-badge-condition=\"is_not_empty\" onclick=\" if(typeof ga == &#039;function&#039; &amp;&amp; !jQuery(this).hasClass(&#039;gd-event-tracked&#039;)) { ga(&#039;send&#039;, &#039;event&#039;, {eventCategory: &#039;CTA&#039;,eventAction: &#039;website&#039;,transport: &#039;beacon&#039; });jQuery(this).addClass(&#039;gd-event-tracked&#039;);} \" style=\"background-color:#85a9b5;border-color:#85a9b5;color:#ffffff;\" rel=\"nofollow noopener\"><i class=\"fas fa-link fa-fw fa-width-fixed\" ><\/i>  <span class='gd-secondary gv-secondary'><\/span><\/a>\n<\/span>\n\n\n\n<div class=\"geodir_post_meta gd-fav-info-wrap  float-end ms-2  gv-hide-s-2  \" >\t\t<span class=\"gd-list-favorite\">\n\t\t\t\t\t<\/span>\n\t\t<\/div>\n\n<div class=\"geodir-output-location bsui sdel-cc65ff07\" ><div class='list-group mx-n2   d-block geodir-output-location geodir-output-location-listing' style='clear:both;'><div class=\"geodir_post_meta list-group-item list-group-item-action border-start-0 border-end-0 rounded-0 px-2  geodir-field-email\"><span class=\"geodir_post_meta_icon geodir-i-email\" style=\"\"><i class=\"far fa-envelope fa-fw fa-width-fixed\" aria-hidden=\"true\"><\/i> <span class=\"geodir_post_meta_title \" >Correo electr\u00f3nico: <\/span><\/span><a href='mailto:info@afapvc.com' target='_blank'>info@afapvc.com<\/a><\/div><\/div><\/div>\n<div class=\"geodir-post-content-container bsui sdel-5b310e98\" ><div class=\"geodir_post_meta  clear-both   position-relative geodir-field-post_content\"  style='max-height:120px;overflow:hidden;' >Tipo de actividad:\u00a0Ventanas y Puertas. <a href=\"https:\/\/poligon.elrealdegandia.org\/es\/places\/spain\/valencia\/real-de-gandia\/construccion\/afa-pvc-s-l\/#post_content\" class=\"gd-read-more  gd-read-more-fade w-100 position-absolute text-center pt-5\" style=\"bottom:0;left:0;background-image: linear-gradient(to bottom,transparent,#fff);\">Leer m\u00e1s...<\/a><\/div><\/div>\n<\/div>\t<\/div>\n\t<\/div>\n\n<div class=\"col px-2 mb-2 geodir-post post-186 gd_place type-gd_place status-publish has-post-thumbnail post post-with-thumbnail post-with-thumbnail-icon\" data-post-id=\"186\">\n\t\t<div class=\"card h-100 p-0 m-0 mw-100  \">\n\t<div class=\"card-img-top overflow-hidden position-relative  \">\n\n<div class=\"geodir-post-slider bsui sdel-b2db03d5\" ><div class=\"geodir-image-container geodir-image-sizes-medium_large overflow-hidden\">\n\t\t\t<div class=\"geodir-images aui-gallery geodir-images-n-1 geodir-images-image carousel-inner \">\n\t\t<div class=\"carousel-item active\"><a href=\"https:\/\/poligon.elrealdegandia.org\/es\/places\/spain\/valencia\/real-de-gandia\/comercio\/azulben-s-l\/\" class=\"geodir-link-image embed-has-action ratio ratio-16x9 ratio ratio-16x9 d-block\"><img src='data:image\/png;base64,iVBORw0KGgoAAAANSUhEUgAAAGQAAAABCAQAAACC0sM2AAAADklEQVR42mP8X88wLAAAK5IBgMYCdqgAAAAASUVORK5CYII=' data-src=\"https:\/\/poligon.elrealdegandia.org\/wp-content\/uploads\/2017\/11\/186_AZULBEN_1.jpg\" alt=\"AZULBEN_1\" title=\"AZULBEN_1\" class=\"geodir-lazy-load align size-medium_large geodir-image-28 embed-item-cover-xy w-100 p-0 m-0 mw-100 border-0\" \/><i class=\"fas fa-link w-auto h-auto\" aria-hidden=\"true\"><\/i><\/a><\/div>\t\t<\/div>\n\t\t<\/div>\n<\/div>\n<\/div>\n<div class=\"card-body p-2  \">\n<div class=\"geodir-post-title bsui sdel-1fdff23a\" ><h3 class=\"geodir-entry-title  h5 \"><a href=\"https:\/\/poligon.elrealdegandia.org\/es\/places\/spain\/valencia\/real-de-gandia\/comercio\/azulben-s-l\/\" class=\"\" title=\"Ver: AZULBEN S.L.\">AZULBEN S.L.<\/a><\/h3><\/div>\n\n\n\n\n\n<span class=\"bsui gd-badge-meta\"><a href=\"http:\/\/www.azulben.es\" target=\"_blank\" class=\"gd-badge border-0 badge float-start ms-2\" data-id=\"186\" data-badge=\"website\" data-badge-condition=\"is_not_empty\" onclick=\" if(typeof ga == &#039;function&#039; &amp;&amp; !jQuery(this).hasClass(&#039;gd-event-tracked&#039;)) { ga(&#039;send&#039;, &#039;event&#039;, {eventCategory: &#039;CTA&#039;,eventAction: &#039;website&#039;,transport: &#039;beacon&#039; });jQuery(this).addClass(&#039;gd-event-tracked&#039;);} \" style=\"background-color:#85a9b5;border-color:#85a9b5;color:#ffffff;\" rel=\"nofollow noopener\"><i class=\"fas fa-link fa-fw fa-width-fixed\" ><\/i>  <span class='gd-secondary gv-secondary'><\/span><\/a>\n<\/span>\n\n\n\n<div class=\"geodir_post_meta gd-fav-info-wrap  float-end ms-2  gv-hide-s-2  \" >\t\t<span class=\"gd-list-favorite\">\n\t\t\t\t\t<\/span>\n\t\t<\/div>\n\n<div class=\"geodir-output-location bsui sdel-cc65ff07\" ><div class='list-group mx-n2   d-block geodir-output-location geodir-output-location-listing' style='clear:both;'><div class=\"geodir_post_meta list-group-item list-group-item-action border-start-0 border-end-0 rounded-0 px-2  geodir-field-email\"><span class=\"geodir_post_meta_icon geodir-i-email\" style=\"\"><i class=\"far fa-envelope fa-fw fa-width-fixed\" aria-hidden=\"true\"><\/i> <span class=\"geodir_post_meta_title \" >Correo electr\u00f3nico: <\/span><\/span><a href='mailto:azulben@azulben.es' target='_blank'>azulben@azulben.es<\/a><\/div><\/div><\/div>\n<div class=\"geodir-post-content-container bsui sdel-5b310e98\" ><div class=\"geodir_post_meta  clear-both   position-relative geodir-field-post_content\"  style='max-height:120px;overflow:hidden;' >Tipo de actividad: Venta de material, cer\u00e1mico, grifer\u00eda, saneamientos y accesorios. <a href=\"https:\/\/poligon.elrealdegandia.org\/es\/places\/spain\/valencia\/real-de-gandia\/comercio\/azulben-s-l\/#post_content\" class=\"gd-read-more  gd-read-more-fade w-100 position-absolute text-center pt-5\" style=\"bottom:0;left:0;background-image: linear-gradient(to bottom,transparent,#fff);\">Leer m\u00e1s...<\/a><\/div><\/div>\n<\/div>\t<\/div>\n\t<\/div>\n\n<div class=\"col px-2 mb-2 geodir-post post-399 gd_place type-gd_place status-publish has-post-thumbnail post post-with-thumbnail post-with-thumbnail-icon\" data-post-id=\"399\">\n\t\t<div class=\"card h-100 p-0 m-0 mw-100  \">\n\t<div class=\"card-img-top overflow-hidden position-relative  \">\n\n<div class=\"geodir-post-slider bsui sdel-b2db03d5\" ><div class=\"geodir-image-container geodir-image-sizes-medium_large overflow-hidden\">\n\t\t\t<div class=\"geodir-images aui-gallery geodir-images-n-1 geodir-images-image carousel-inner \">\n\t\t<div class=\"carousel-item active\"><a href=\"https:\/\/poligon.elrealdegandia.org\/es\/places\/spain\/valencia\/real-de-gandia\/otros\/bar-restaurante-rotonda\/\" class=\"geodir-link-image embed-has-action ratio ratio-16x9 ratio ratio-16x9 d-block\"><img src='data:image\/png;base64,iVBORw0KGgoAAAANSUhEUgAAAGQAAAABCAQAAACC0sM2AAAADklEQVR42mP8X88wLAAAK5IBgMYCdqgAAAAASUVORK5CYII=' data-src=\"https:\/\/poligon.elrealdegandia.org\/wp-content\/uploads\/2017\/11\/399_rotonda-bar.jpg\" alt=\"rotonda-bar\" title=\"rotonda-bar\" class=\"geodir-lazy-load align size-medium_large geodir-image-43 embed-item-cover-xy w-100 p-0 m-0 mw-100 border-0\" \/><i class=\"fas fa-link w-auto h-auto\" aria-hidden=\"true\"><\/i><\/a><\/div>\t\t<\/div>\n\t\t<\/div>\n<\/div>\n<\/div>\n<div class=\"card-body p-2  \">\n<div class=\"geodir-post-title bsui sdel-1fdff23a\" ><h3 class=\"geodir-entry-title  h5 \"><a href=\"https:\/\/poligon.elrealdegandia.org\/es\/places\/spain\/valencia\/real-de-gandia\/otros\/bar-restaurante-rotonda\/\" class=\"\" title=\"Ver: BAR RESTAURANTE ROTONDA\">BAR RESTAURANTE ROTONDA<\/a><\/h3><\/div>\n\n\n\n\n\n\n\n\n\n<div class=\"geodir_post_meta gd-fav-info-wrap  float-end ms-2  gv-hide-s-2  \" >\t\t<span class=\"gd-list-favorite\">\n\t\t\t\t\t<\/span>\n\t\t<\/div>\n\n\n<div class=\"geodir-post-content-container bsui sdel-5b310e98\" ><div class=\"geodir_post_meta  clear-both   position-relative geodir-field-post_content\"  style='max-height:120px;overflow:hidden;' >Clase de actividad:\u00a0Bar restaurante <a href=\"https:\/\/poligon.elrealdegandia.org\/es\/places\/spain\/valencia\/real-de-gandia\/otros\/bar-restaurante-rotonda\/#post_content\" class=\"gd-read-more  gd-read-more-fade w-100 position-absolute text-center pt-5\" style=\"bottom:0;left:0;background-image: linear-gradient(to bottom,transparent,#fff);\">Leer m\u00e1s...<\/a><\/div><\/div>\n<\/div>\t<\/div>\n\t<\/div>\n\n<div class=\"col px-2 mb-2 geodir-post post-680 gd_place type-gd_place status-publish has-post-thumbnail post post-with-thumbnail post-with-thumbnail-icon\" data-post-id=\"680\">\n\t\t<div class=\"card h-100 p-0 m-0 mw-100  \">\n\t<div class=\"card-img-top overflow-hidden position-relative  \">\n\n<div class=\"geodir-post-slider bsui sdel-b2db03d5\" ><div class=\"geodir-image-container geodir-image-sizes-medium_large overflow-hidden\">\n\t\t\t<div class=\"geodir-images aui-gallery geodir-images-n-1 geodir-images-image carousel-inner \">\n\t\t<div class=\"carousel-item active\"><a href=\"https:\/\/poligon.elrealdegandia.org\/es\/places\/spain\/valencia\/real-de-gandia\/transporte\/caravanas-expo\/\" class=\"geodir-link-image embed-has-action ratio ratio-16x9 ratio ratio-16x9 d-block\"><img src='data:image\/png;base64,iVBORw0KGgoAAAANSUhEUgAAAGQAAAABCAQAAACC0sM2AAAADklEQVR42mP8X88wLAAAK5IBgMYCdqgAAAAASUVORK5CYII=' data-src=\"https:\/\/poligon.elrealdegandia.org\/wp-content\/uploads\/2018\/01\/680_caravanas-expo-gandia.jpg\" alt=\"caravanas-expo-gandia\" title=\"caravanas-expo-gandia\" class=\"geodir-lazy-load align size-medium_large geodir-image-170 embed-item-cover-xy w-100 p-0 m-0 mw-100 border-0\" \/><i class=\"fas fa-link w-auto h-auto\" aria-hidden=\"true\"><\/i><\/a><\/div>\t\t<\/div>\n\t\t<\/div>\n<\/div>\n<\/div>\n<div class=\"card-body p-2  \">\n<div class=\"geodir-post-title bsui sdel-1fdff23a\" ><h3 class=\"geodir-entry-title  h5 \"><a href=\"https:\/\/poligon.elrealdegandia.org\/es\/places\/spain\/valencia\/real-de-gandia\/transporte\/caravanas-expo\/\" class=\"\" title=\"Ver: CARAVANAS EXPO-GANDIA, S.L.\">CARAVANAS EXPO-GANDIA, S.L.<\/a><\/h3><\/div>\n\n\n\n\n\n<span class=\"bsui gd-badge-meta\"><a href=\"http:\/\/www.caravanasexpogandia.com\/ES\/\" target=\"_blank\" class=\"gd-badge border-0 badge float-start ms-2\" data-id=\"680\" data-badge=\"website\" data-badge-condition=\"is_not_empty\" onclick=\" if(typeof ga == &#039;function&#039; &amp;&amp; !jQuery(this).hasClass(&#039;gd-event-tracked&#039;)) { ga(&#039;send&#039;, &#039;event&#039;, {eventCategory: &#039;CTA&#039;,eventAction: &#039;website&#039;,transport: &#039;beacon&#039; });jQuery(this).addClass(&#039;gd-event-tracked&#039;);} \" style=\"background-color:#85a9b5;border-color:#85a9b5;color:#ffffff;\" rel=\"nofollow noopener\"><i class=\"fas fa-link fa-fw fa-width-fixed\" ><\/i>  <span class='gd-secondary gv-secondary'><\/span><\/a>\n<\/span>\n\n\n\n<div class=\"geodir_post_meta gd-fav-info-wrap  float-end ms-2  gv-hide-s-2  \" >\t\t<span class=\"gd-list-favorite\">\n\t\t\t\t\t<\/span>\n\t\t<\/div>\n\n<div class=\"geodir-output-location bsui sdel-cc65ff07\" ><div class='list-group mx-n2   d-block geodir-output-location geodir-output-location-listing' style='clear:both;'><div class=\"geodir_post_meta list-group-item list-group-item-action border-start-0 border-end-0 rounded-0 px-2  geodir-field-email\"><span class=\"geodir_post_meta_icon geodir-i-email\" style=\"\"><i class=\"far fa-envelope fa-fw fa-width-fixed\" aria-hidden=\"true\"><\/i> <span class=\"geodir_post_meta_title \" >Correo electr\u00f3nico: <\/span><\/span><a href='mailto:info@caravanasexpogandia.com' target='_blank'>info@caravanasexpogandia.com<\/a><\/div><\/div><\/div>\n<div class=\"geodir-post-content-container bsui sdel-5b310e98\" ><div class=\"geodir_post_meta  clear-both   position-relative geodir-field-post_content\"  style='max-height:120px;overflow:hidden;' >VENTA de autocaravana y caravanas. ALQUILER de autocaravanas. TALLER especializado en reparaciones, montaje de accesorios y recambios. Hacemos revisiones y puesta a punto de tu veh\u00edculo de ocio. Disponemos tambi\u00e9n de tienda de complementos y accesorios. M\u00e1s de 25 a\u00f1os en el sector avalan nuestro trabajo. <a href=\"https:\/\/poligon.elrealdegandia.org\/es\/places\/spain\/valencia\/real-de-gandia\/transporte\/caravanas-expo\/#post_content\" class=\"gd-read-more  gd-read-more-fade w-100 position-absolute text-center pt-5\" style=\"bottom:0;left:0;background-image: linear-gradient(to bottom,transparent,#fff);\">Leer m\u00e1s...<\/a><\/div><\/div>\n<\/div>\t<\/div>\n\t<\/div>\n\n<div class=\"col px-2 mb-2 geodir-post post-179 gd_place type-gd_place status-publish has-post-thumbnail post post-with-thumbnail post-with-thumbnail-icon\" data-post-id=\"179\">\n\t\t<div class=\"card h-100 p-0 m-0 mw-100  \">\n\t<div class=\"card-img-top overflow-hidden position-relative  \">\n\n<div class=\"geodir-post-slider bsui sdel-b2db03d5\" ><div class=\"geodir-image-container geodir-image-sizes-medium_large overflow-hidden\">\n\t\t\t<div class=\"geodir-images aui-gallery geodir-images-n-1 geodir-images-image carousel-inner \">\n\t\t<div class=\"carousel-item active\"><a href=\"https:\/\/poligon.elrealdegandia.org\/es\/places\/spain\/valencia\/real-de-gandia\/construccion\/chef-cocinas\/\" class=\"geodir-link-image embed-has-action ratio ratio-16x9 ratio ratio-16x9 d-block\"><img src='data:image\/png;base64,iVBORw0KGgoAAAANSUhEUgAAAGQAAAABCAQAAACC0sM2AAAADklEQVR42mP8X88wLAAAK5IBgMYCdqgAAAAASUVORK5CYII=' data-src=\"https:\/\/poligon.elrealdegandia.org\/wp-content\/uploads\/2017\/10\/179_chef.jpg\" alt=\"chef\" title=\"chef\" class=\"geodir-lazy-load align size-medium_large geodir-image-3 embed-item-cover-xy w-100 p-0 m-0 mw-100 border-0\" \/><i class=\"fas fa-link w-auto h-auto\" aria-hidden=\"true\"><\/i><\/a><\/div>\t\t<\/div>\n\t\t<\/div>\n<\/div>\n<\/div>\n<div class=\"card-body p-2  \">\n<div class=\"geodir-post-title bsui sdel-1fdff23a\" ><h3 class=\"geodir-entry-title  h5 \"><a href=\"https:\/\/poligon.elrealdegandia.org\/es\/places\/spain\/valencia\/real-de-gandia\/construccion\/chef-cocinas\/\" class=\"\" title=\"Ver: CHEF COCINAS\">CHEF COCINAS<\/a><\/h3><\/div>\n\n\n\n\n\n<span class=\"bsui gd-badge-meta\"><a href=\"http:\/\/www.chefestudiococina.com\" target=\"_blank\" class=\"gd-badge border-0 badge float-start ms-2\" data-id=\"179\" data-badge=\"website\" data-badge-condition=\"is_not_empty\" onclick=\" if(typeof ga == &#039;function&#039; &amp;&amp; !jQuery(this).hasClass(&#039;gd-event-tracked&#039;)) { ga(&#039;send&#039;, &#039;event&#039;, {eventCategory: &#039;CTA&#039;,eventAction: &#039;website&#039;,transport: &#039;beacon&#039; });jQuery(this).addClass(&#039;gd-event-tracked&#039;);} \" style=\"background-color:#85a9b5;border-color:#85a9b5;color:#ffffff;\" rel=\"nofollow noopener\"><i class=\"fas fa-link fa-fw fa-width-fixed\" ><\/i>  <span class='gd-secondary gv-secondary'><\/span><\/a>\n<\/span>\n\n\n\n<div class=\"geodir_post_meta gd-fav-info-wrap  float-end ms-2  gv-hide-s-2  \" >\t\t<span class=\"gd-list-favorite\">\n\t\t\t\t\t<\/span>\n\t\t<\/div>\n\n<div class=\"geodir-output-location bsui sdel-cc65ff07\" ><div class='list-group mx-n2   d-block geodir-output-location geodir-output-location-listing' style='clear:both;'><div class=\"geodir_post_meta list-group-item list-group-item-action border-start-0 border-end-0 rounded-0 px-2  geodir-field-email\"><span class=\"geodir_post_meta_icon geodir-i-email\" style=\"\"><i class=\"far fa-envelope fa-fw fa-width-fixed\" aria-hidden=\"true\"><\/i> <span class=\"geodir_post_meta_title \" >Correo electr\u00f3nico: <\/span><\/span><a href='mailto:chefestudio@gmail.com' target='_blank'>chefestudio@gmail.com<\/a><\/div><\/div><\/div>\n<div class=\"geodir-post-content-container bsui sdel-5b310e98\" ><div class=\"geodir_post_meta  clear-both   position-relative geodir-field-post_content\"  style='max-height:120px;overflow:hidden;' >Tipo de actividad: Reformas y rehabilitaci\u00f3n de cocinas y ba\u00f1os. <a href=\"https:\/\/poligon.elrealdegandia.org\/es\/places\/spain\/valencia\/real-de-gandia\/construccion\/chef-cocinas\/#post_content\" class=\"gd-read-more  gd-read-more-fade w-100 position-absolute text-center pt-5\" style=\"bottom:0;left:0;background-image: linear-gradient(to bottom,transparent,#fff);\">Leer m\u00e1s...<\/a><\/div><\/div>\n<\/div>\t<\/div>\n\t<\/div>\n\n<div class=\"col px-2 mb-2 geodir-post post-189 gd_place type-gd_place status-publish has-post-thumbnail post post-with-thumbnail post-with-thumbnail-icon\" data-post-id=\"189\">\n\t\t<div class=\"card h-100 p-0 m-0 mw-100  \">\n\t<div class=\"card-img-top overflow-hidden position-relative  \">\n\n<div class=\"geodir-post-slider bsui sdel-b2db03d5\" ><div class=\"geodir-image-container geodir-image-sizes-medium_large overflow-hidden\">\n\t\t\t<div class=\"geodir-images aui-gallery geodir-images-n-1 geodir-images-image carousel-inner \">\n\t\t<div class=\"carousel-item active\"><a href=\"https:\/\/poligon.elrealdegandia.org\/es\/places\/spain\/valencia\/real-de-gandia\/talleres\/el-taller-de-felix-chapa-y-pintura-s-l\/\" class=\"geodir-link-image embed-has-action ratio ratio-16x9 ratio ratio-16x9 d-block\"><img src='data:image\/png;base64,iVBORw0KGgoAAAANSUhEUgAAAGQAAAABCAQAAACC0sM2AAAADklEQVR42mP8X88wLAAAK5IBgMYCdqgAAAAASUVORK5CYII=' data-src=\"https:\/\/poligon.elrealdegandia.org\/wp-content\/uploads\/2017\/10\/189_f.jpg\" alt=\"f\" title=\"f\" class=\"geodir-lazy-load align size-medium_large geodir-image-10 embed-item-cover-xy w-100 p-0 m-0 mw-100 border-0\" \/><i class=\"fas fa-link w-auto h-auto\" aria-hidden=\"true\"><\/i><\/a><\/div>\t\t<\/div>\n\t\t<\/div>\n<\/div>\n<\/div>\n<div class=\"card-body p-2  \">\n<div class=\"geodir-post-title bsui sdel-1fdff23a\" ><h3 class=\"geodir-entry-title  h5 \"><a href=\"https:\/\/poligon.elrealdegandia.org\/es\/places\/spain\/valencia\/real-de-gandia\/talleres\/el-taller-de-felix-chapa-y-pintura-s-l\/\" class=\"\" title=\"Ver: EL TALLER DE FELIX\u00a0CHAPA Y PINTURA, S.L.\">EL TALLER DE FELIX\u00a0CHAPA Y PINTURA, S.L.<\/a><\/h3><\/div>\n\n\n\n\n\n<span class=\"bsui gd-badge-meta\"><a href=\"htpp:\/\/www.tallerdefelix.com\" target=\"_blank\" class=\"gd-badge border-0 badge float-start ms-2\" data-id=\"189\" data-badge=\"website\" data-badge-condition=\"is_not_empty\" onclick=\" if(typeof ga == &#039;function&#039; &amp;&amp; !jQuery(this).hasClass(&#039;gd-event-tracked&#039;)) { ga(&#039;send&#039;, &#039;event&#039;, {eventCategory: &#039;CTA&#039;,eventAction: &#039;website&#039;,transport: &#039;beacon&#039; });jQuery(this).addClass(&#039;gd-event-tracked&#039;);} \" style=\"background-color:#85a9b5;border-color:#85a9b5;color:#ffffff;\" rel=\"nofollow noopener\"><i class=\"fas fa-link fa-fw fa-width-fixed\" ><\/i>  <span class='gd-secondary gv-secondary'><\/span><\/a>\n<\/span>\n\n\n\n<div class=\"geodir_post_meta gd-fav-info-wrap  float-end ms-2  gv-hide-s-2  \" >\t\t<span class=\"gd-list-favorite\">\n\t\t\t\t\t<\/span>\n\t\t<\/div>\n\n<div class=\"geodir-output-location bsui sdel-cc65ff07\" ><div class='list-group mx-n2   d-block geodir-output-location geodir-output-location-listing' style='clear:both;'><div class=\"geodir_post_meta list-group-item list-group-item-action border-start-0 border-end-0 rounded-0 px-2  geodir-field-email\"><span class=\"geodir_post_meta_icon geodir-i-email\" style=\"\"><i class=\"far fa-envelope fa-fw fa-width-fixed\" aria-hidden=\"true\"><\/i> <span class=\"geodir_post_meta_title \" >Correo electr\u00f3nico: <\/span><\/span><a href='mailto:tallerdefelix@tallerdefelix.com' target='_blank'>tallerdefelix@tallerdefelix.com<\/a><\/div><\/div><\/div>\n<div class=\"geodir-post-content-container bsui sdel-5b310e98\" ><div class=\"geodir_post_meta  clear-both   position-relative geodir-field-post_content\"  style='max-height:120px;overflow:hidden;' >Tipo de actividad:\u00a0Chapa, pintura, lunas, mec\u00e1nica r\u00e1pida y reparaci\u00f3n general del veh\u00edculo. <a href=\"https:\/\/poligon.elrealdegandia.org\/es\/places\/spain\/valencia\/real-de-gandia\/talleres\/el-taller-de-felix-chapa-y-pintura-s-l\/#post_content\" class=\"gd-read-more  gd-read-more-fade w-100 position-absolute text-center pt-5\" style=\"bottom:0;left:0;background-image: linear-gradient(to bottom,transparent,#fff);\">Leer m\u00e1s...<\/a><\/div><\/div>\n<\/div>\t<\/div>\n\t<\/div>\n\n<div class=\"col px-2 mb-2 geodir-post post-178 gd_place type-gd_place status-publish has-post-thumbnail post post-with-thumbnail post-with-thumbnail-icon\" data-post-id=\"178\">\n\t\t<div class=\"card h-100 p-0 m-0 mw-100  \">\n\t<div class=\"card-img-top overflow-hidden position-relative  \">\n\n<div class=\"geodir-post-slider bsui sdel-b2db03d5\" ><div class=\"geodir-image-container geodir-image-sizes-medium_large overflow-hidden\">\n\t\t\t<div class=\"geodir-images aui-gallery geodir-images-n-1 geodir-images-image carousel-inner \">\n\t\t<div class=\"carousel-item active\"><a href=\"https:\/\/poligon.elrealdegandia.org\/es\/places\/spain\/valencia\/real-de-gandia\/transporte\/gandirec-s-l-2\/\" class=\"geodir-link-image embed-has-action ratio ratio-16x9 ratio ratio-16x9 d-block\"><img src='data:image\/png;base64,iVBORw0KGgoAAAANSUhEUgAAAGQAAAABCAQAAACC0sM2AAAADklEQVR42mP8X88wLAAAK5IBgMYCdqgAAAAASUVORK5CYII=' data-src=\"https:\/\/poligon.elrealdegandia.org\/wp-content\/uploads\/2017\/10\/178_gandi_Rec1.jpg\" alt=\"gandi_Rec1\" title=\"gandi_Rec1\" class=\"geodir-lazy-load align size-medium_large geodir-image-11 embed-item-cover-xy w-100 p-0 m-0 mw-100 border-0\" \/><i class=\"fas fa-link w-auto h-auto\" aria-hidden=\"true\"><\/i><\/a><\/div>\t\t<\/div>\n\t\t<\/div>\n<\/div>\n<\/div>\n<div class=\"card-body p-2  \">\n<div class=\"geodir-post-title bsui sdel-1fdff23a\" ><h3 class=\"geodir-entry-title  h5 \"><a href=\"https:\/\/poligon.elrealdegandia.org\/es\/places\/spain\/valencia\/real-de-gandia\/transporte\/gandirec-s-l-2\/\" class=\"\" title=\"Ver: GANDIREC, S.L.\">GANDIREC, S.L.<\/a><\/h3><\/div>\n\n\n\n\n\n\n\n\n\n<div class=\"geodir_post_meta gd-fav-info-wrap  float-end ms-2  gv-hide-s-2  \" >\t\t<span class=\"gd-list-favorite\">\n\t\t\t\t\t<\/span>\n\t\t<\/div>\n\n<div class=\"geodir-output-location bsui sdel-cc65ff07\" ><div class='list-group mx-n2   d-block geodir-output-location geodir-output-location-listing' style='clear:both;'><div class=\"geodir_post_meta list-group-item list-group-item-action border-start-0 border-end-0 rounded-0 px-2  geodir-field-email\"><span class=\"geodir_post_meta_icon geodir-i-email\" style=\"\"><i class=\"far fa-envelope fa-fw fa-width-fixed\" aria-hidden=\"true\"><\/i> <span class=\"geodir_post_meta_title \" >Correo electr\u00f3nico: <\/span><\/span><a href='mailto:gandirec@gandirec.com' target='_blank'>gandirec@gandirec.com<\/a><\/div><\/div><\/div>\n<div class=\"geodir-post-content-container bsui sdel-5b310e98\" ><div class=\"geodir_post_meta  clear-both   position-relative geodir-field-post_content\"  style='max-height:120px;overflow:hidden;' >Tipo de actividad: Rectificado de motores. <a href=\"https:\/\/poligon.elrealdegandia.org\/es\/places\/spain\/valencia\/real-de-gandia\/transporte\/gandirec-s-l-2\/#post_content\" class=\"gd-read-more  gd-read-more-fade w-100 position-absolute text-center pt-5\" style=\"bottom:0;left:0;background-image: linear-gradient(to bottom,transparent,#fff);\">Leer m\u00e1s...<\/a><\/div><\/div>\n<\/div>\t<\/div>\n\t<\/div>\n\n<div class=\"col px-2 mb-2 geodir-post post-180 gd_place type-gd_place status-publish has-post-thumbnail post post-with-thumbnail post-with-thumbnail-icon\" data-post-id=\"180\">\n\t\t<div class=\"card h-100 p-0 m-0 mw-100  \">\n\t<div class=\"card-img-top overflow-hidden position-relative  \">\n\n<div class=\"geodir-post-slider bsui sdel-b2db03d5\" ><div class=\"geodir-image-container geodir-image-sizes-medium_large overflow-hidden\">\n\t\t\t<div class=\"geodir-images aui-gallery geodir-images-n-1 geodir-images-image carousel-inner \">\n\t\t<div class=\"carousel-item active\"><a href=\"https:\/\/poligon.elrealdegandia.org\/es\/places\/spain\/valencia\/real-de-gandia\/comercio\/grupo-sindel-s-a\/\" class=\"geodir-link-image embed-has-action ratio ratio-16x9 ratio ratio-16x9 d-block\"><img src='data:image\/png;base64,iVBORw0KGgoAAAANSUhEUgAAAGQAAAABCAQAAACC0sM2AAAADklEQVR42mP8X88wLAAAK5IBgMYCdqgAAAAASUVORK5CYII=' data-src=\"https:\/\/poligon.elrealdegandia.org\/wp-content\/uploads\/2017\/10\/180_sindel.jpg\" alt=\"sindel\" title=\"sindel\" class=\"geodir-lazy-load align size-medium_large geodir-image-19 embed-item-cover-xy w-100 p-0 m-0 mw-100 border-0\" \/><i class=\"fas fa-link w-auto h-auto\" aria-hidden=\"true\"><\/i><\/a><\/div>\t\t<\/div>\n\t\t<\/div>\n<\/div>\n<\/div>\n<div class=\"card-body p-2  \">\n<div class=\"geodir-post-title bsui sdel-1fdff23a\" ><h3 class=\"geodir-entry-title  h5 \"><a href=\"https:\/\/poligon.elrealdegandia.org\/es\/places\/spain\/valencia\/real-de-gandia\/comercio\/grupo-sindel-s-a\/\" class=\"\" title=\"Ver: GRUPO S\u00cdNDEL S.A.\">GRUPO S\u00cdNDEL S.A.<\/a><\/h3><\/div>\n\n\n\n\n\n<span class=\"bsui gd-badge-meta\"><a href=\"http:\/\/www.sindel.es\" target=\"_blank\" class=\"gd-badge border-0 badge float-start ms-2\" data-id=\"180\" data-badge=\"website\" data-badge-condition=\"is_not_empty\" onclick=\" if(typeof ga == &#039;function&#039; &amp;&amp; !jQuery(this).hasClass(&#039;gd-event-tracked&#039;)) { ga(&#039;send&#039;, &#039;event&#039;, {eventCategory: &#039;CTA&#039;,eventAction: &#039;website&#039;,transport: &#039;beacon&#039; });jQuery(this).addClass(&#039;gd-event-tracked&#039;);} \" style=\"background-color:#85a9b5;border-color:#85a9b5;color:#ffffff;\" rel=\"nofollow noopener\"><i class=\"fas fa-link fa-fw fa-width-fixed\" ><\/i>  <span class='gd-secondary gv-secondary'><\/span><\/a>\n<\/span>\n\n\n\n<div class=\"geodir_post_meta gd-fav-info-wrap  float-end ms-2  gv-hide-s-2  \" >\t\t<span class=\"gd-list-favorite\">\n\t\t\t\t\t<\/span>\n\t\t<\/div>\n\n<div class=\"geodir-output-location bsui sdel-cc65ff07\" ><div class='list-group mx-n2   d-block geodir-output-location geodir-output-location-listing' style='clear:both;'><div class=\"geodir_post_meta list-group-item list-group-item-action border-start-0 border-end-0 rounded-0 px-2  geodir-field-email\"><span class=\"geodir_post_meta_icon geodir-i-email\" style=\"\"><i class=\"far fa-envelope fa-fw fa-width-fixed\" aria-hidden=\"true\"><\/i> <span class=\"geodir_post_meta_title \" >Correo electr\u00f3nico: <\/span><\/span><a href='mailto:gandia@sindel.es' target='_blank'>gandia@sindel.es<\/a><\/div><\/div><\/div>\n<div class=\"geodir-post-content-container bsui sdel-5b310e98\" ><div class=\"geodir_post_meta  clear-both   position-relative geodir-field-post_content\"  style='max-height:120px;overflow:hidden;' >Tipo de actividad: Venta material el\u00e9ctrico <a href=\"https:\/\/poligon.elrealdegandia.org\/es\/places\/spain\/valencia\/real-de-gandia\/comercio\/grupo-sindel-s-a\/#post_content\" class=\"gd-read-more  gd-read-more-fade w-100 position-absolute text-center pt-5\" style=\"bottom:0;left:0;background-image: linear-gradient(to bottom,transparent,#fff);\">Leer m\u00e1s...<\/a><\/div><\/div>\n<\/div>\t<\/div>\n\t<\/div>\n\n<div class=\"col px-2 mb-2 geodir-post post-192 gd_place type-gd_place status-publish has-post-thumbnail post post-with-thumbnail post-with-thumbnail-icon\" data-post-id=\"192\">\n\t\t<div class=\"card h-100 p-0 m-0 mw-100  \">\n\t<div class=\"card-img-top overflow-hidden position-relative  \">\n\n<div class=\"geodir-post-slider bsui sdel-b2db03d5\" ><div class=\"geodir-image-container geodir-image-sizes-medium_large overflow-hidden\">\n\t\t\t<div class=\"geodir-images aui-gallery geodir-images-n-1 geodir-images-image carousel-inner \">\n\t\t<div class=\"carousel-item active\"><a href=\"https:\/\/poligon.elrealdegandia.org\/es\/places\/spain\/valencia\/real-de-gandia\/talleres\/premium-auto-mediterrania-s-l\/\" class=\"geodir-link-image embed-has-action ratio ratio-16x9 ratio ratio-16x9 d-block\"><img src='data:image\/png;base64,iVBORw0KGgoAAAANSUhEUgAAAGQAAAABCAQAAACC0sM2AAAADklEQVR42mP8X88wLAAAK5IBgMYCdqgAAAAASUVORK5CYII=' data-src=\"https:\/\/poligon.elrealdegandia.org\/wp-content\/uploads\/2017\/10\/192_premium_auto.jpg\" alt=\"premium_auto\" title=\"premium_auto\" class=\"geodir-lazy-load align size-medium_large geodir-image-18 embed-item-cover-xy w-100 p-0 m-0 mw-100 border-0\" \/><i class=\"fas fa-link w-auto h-auto\" aria-hidden=\"true\"><\/i><\/a><\/div>\t\t<\/div>\n\t\t<\/div>\n<\/div>\n<\/div>\n<div class=\"card-body p-2  \">\n<div class=\"geodir-post-title bsui sdel-1fdff23a\" ><h3 class=\"geodir-entry-title  h5 \"><a href=\"https:\/\/poligon.elrealdegandia.org\/es\/places\/spain\/valencia\/real-de-gandia\/talleres\/premium-auto-mediterrania-s-l\/\" class=\"\" title=\"Ver: PREMIUM AUTO MEDITERRANIA S.L.\">PREMIUM AUTO MEDITERRANIA S.L.<\/a><\/h3><\/div>\n\n\n\n\n\n\n\n\n\n<div class=\"geodir_post_meta gd-fav-info-wrap  float-end ms-2  gv-hide-s-2  \" >\t\t<span class=\"gd-list-favorite\">\n\t\t\t\t\t<\/span>\n\t\t<\/div>\n\n<div class=\"geodir-output-location bsui sdel-cc65ff07\" ><div class='list-group mx-n2   d-block geodir-output-location geodir-output-location-listing' style='clear:both;'><div class=\"geodir_post_meta list-group-item list-group-item-action border-start-0 border-end-0 rounded-0 px-2  geodir-field-email\"><span class=\"geodir_post_meta_icon geodir-i-email\" style=\"\"><i class=\"far fa-envelope fa-fw fa-width-fixed\" aria-hidden=\"true\"><\/i> <span class=\"geodir_post_meta_title \" >Correo electr\u00f3nico: <\/span><\/span><a href='mailto:premiumautomediterrania@gmail.com' target='_blank'>premiumautomediterrania@gmail.com<\/a><\/div><\/div><\/div>\n<div class=\"geodir-post-content-container bsui sdel-5b310e98\" ><div class=\"geodir_post_meta  clear-both   position-relative geodir-field-post_content\"  style='max-height:120px;overflow:hidden;' >Tipo de actividad:\u00a0Taller i compra-venta coches. <a href=\"https:\/\/poligon.elrealdegandia.org\/es\/places\/spain\/valencia\/real-de-gandia\/talleres\/premium-auto-mediterrania-s-l\/#post_content\" class=\"gd-read-more  gd-read-more-fade w-100 position-absolute text-center pt-5\" style=\"bottom:0;left:0;background-image: linear-gradient(to bottom,transparent,#fff);\">Leer m\u00e1s...<\/a><\/div><\/div>\n<\/div>\t<\/div>\n\t<\/div>\n\n<div class=\"col px-2 mb-2 geodir-post post-74 gd_place type-gd_place status-publish has-post-thumbnail post post-with-thumbnail post-with-thumbnail-icon\" data-post-id=\"74\">\n\t\t<div class=\"card h-100 p-0 m-0 mw-100  \">\n\t<div class=\"card-img-top overflow-hidden position-relative  \">\n\n<div class=\"geodir-post-slider bsui sdel-b2db03d5\" ><div class=\"geodir-image-container geodir-image-sizes-medium_large overflow-hidden\">\n\t\t\t<div class=\"geodir-images aui-gallery geodir-images-n-1 geodir-images-image carousel-inner \">\n\t\t<div class=\"carousel-item active\"><a href=\"https:\/\/poligon.elrealdegandia.org\/es\/places\/spain\/valencia\/real-de-gandia\/comercio\/saforimper-s-l-2\/\" class=\"geodir-link-image embed-has-action ratio ratio-16x9 ratio ratio-16x9 d-block\"><img src='data:image\/png;base64,iVBORw0KGgoAAAANSUhEUgAAAGQAAAABCAQAAACC0sM2AAAADklEQVR42mP8X88wLAAAK5IBgMYCdqgAAAAASUVORK5CYII=' data-src=\"https:\/\/poligon.elrealdegandia.org\/wp-content\/uploads\/2017\/11\/74_saforimperi.jpg\" alt=\"saforimperi\" title=\"saforimperi\" class=\"geodir-lazy-load align size-medium_large geodir-image-37 embed-item-cover-xy w-100 p-0 m-0 mw-100 border-0\" \/><i class=\"fas fa-link w-auto h-auto\" aria-hidden=\"true\"><\/i><\/a><\/div>\t\t<\/div>\n\t\t<\/div>\n<\/div>\n<\/div>\n<div class=\"card-body p-2  \">\n<div class=\"geodir-post-title bsui sdel-1fdff23a\" ><h3 class=\"geodir-entry-title  h5 \"><a href=\"https:\/\/poligon.elrealdegandia.org\/es\/places\/spain\/valencia\/real-de-gandia\/comercio\/saforimper-s-l-2\/\" class=\"\" title=\"Ver: SAFORIMPER S.L.\">SAFORIMPER S.L.<\/a><\/h3><\/div>\n\n\n\n\n\n<span class=\"bsui gd-badge-meta\"><a href=\"http:\/\/www.saforimper.com\/\" target=\"_blank\" class=\"gd-badge border-0 badge float-start ms-2\" data-id=\"74\" data-badge=\"website\" data-badge-condition=\"is_not_empty\" onclick=\" if(typeof ga == &#039;function&#039; &amp;&amp; !jQuery(this).hasClass(&#039;gd-event-tracked&#039;)) { ga(&#039;send&#039;, &#039;event&#039;, {eventCategory: &#039;CTA&#039;,eventAction: &#039;website&#039;,transport: &#039;beacon&#039; });jQuery(this).addClass(&#039;gd-event-tracked&#039;);} \" style=\"background-color:#85a9b5;border-color:#85a9b5;color:#ffffff;\" rel=\"nofollow noopener\"><i class=\"fas fa-link fa-fw fa-width-fixed\" ><\/i>  <span class='gd-secondary gv-secondary'><\/span><\/a>\n<\/span>\n\n\n\n<div class=\"geodir_post_meta gd-fav-info-wrap  float-end ms-2  gv-hide-s-2  \" >\t\t<span class=\"gd-list-favorite\">\n\t\t\t\t\t<\/span>\n\t\t<\/div>\n\n<div class=\"geodir-output-location bsui sdel-cc65ff07\" ><div class='list-group mx-n2   d-block geodir-output-location geodir-output-location-listing' style='clear:both;'><div class=\"geodir_post_meta list-group-item list-group-item-action border-start-0 border-end-0 rounded-0 px-2  geodir-field-email\"><span class=\"geodir_post_meta_icon geodir-i-email\" style=\"\"><i class=\"far fa-envelope fa-fw fa-width-fixed\" aria-hidden=\"true\"><\/i> <span class=\"geodir_post_meta_title \" >Correo electr\u00f3nico: <\/span><\/span><a href='mailto:fuente@saforimper.com' target='_blank'>fuente@saforimper.com<\/a><\/div><\/div><\/div>\n<div class=\"geodir-post-content-container bsui sdel-5b310e98\" ><div class=\"geodir_post_meta  clear-both   position-relative geodir-field-post_content\"  style='max-height:120px;overflow:hidden;' >Tipo de actividad: Venta exposici\u00f3n de material de construcci\u00f3n. <a href=\"https:\/\/poligon.elrealdegandia.org\/es\/places\/spain\/valencia\/real-de-gandia\/comercio\/saforimper-s-l-2\/#post_content\" class=\"gd-read-more  gd-read-more-fade w-100 position-absolute text-center pt-5\" style=\"bottom:0;left:0;background-image: linear-gradient(to bottom,transparent,#fff);\">Leer m\u00e1s...<\/a><\/div><\/div>\n<\/div>\t<\/div>\n\t<\/div>\n\n<div class=\"col px-2 mb-2 geodir-post post-159 gd_place type-gd_place status-publish has-post-thumbnail post post-with-thumbnail post-with-thumbnail-icon\" data-post-id=\"159\">\n\t\t<div class=\"card h-100 p-0 m-0 mw-100  \">\n\t<div class=\"card-img-top overflow-hidden position-relative  \">\n\n<div class=\"geodir-post-slider bsui sdel-b2db03d5\" ><div class=\"geodir-image-container geodir-image-sizes-medium_large overflow-hidden\">\n\t\t\t<div class=\"geodir-images aui-gallery geodir-images-n-1 geodir-images-image carousel-inner \">\n\t\t<div class=\"carousel-item active\"><a href=\"https:\/\/poligon.elrealdegandia.org\/es\/places\/spain\/valencia\/real-de-gandia\/talleres\/taller-saoret-sdor-dura\/\" class=\"geodir-link-image embed-has-action ratio ratio-16x9 ratio ratio-16x9 d-block\"><img src='data:image\/png;base64,iVBORw0KGgoAAAANSUhEUgAAAGQAAAABCAQAAACC0sM2AAAADklEQVR42mP8X88wLAAAK5IBgMYCdqgAAAAASUVORK5CYII=' data-src=\"https:\/\/poligon.elrealdegandia.org\/wp-content\/uploads\/2017\/11\/159_saoret.jpg\" alt=\"saoret\" title=\"saoret\" class=\"geodir-lazy-load align size-medium_large geodir-image-44 embed-item-cover-xy w-100 p-0 m-0 mw-100 border-0\" \/><i class=\"fas fa-link w-auto h-auto\" aria-hidden=\"true\"><\/i><\/a><\/div>\t\t<\/div>\n\t\t<\/div>\n<\/div>\n<\/div>\n<div class=\"card-body p-2  \">\n<div class=\"geodir-post-title bsui sdel-1fdff23a\" ><h3 class=\"geodir-entry-title  h5 \"><a href=\"https:\/\/poligon.elrealdegandia.org\/es\/places\/spain\/valencia\/real-de-gandia\/talleres\/taller-saoret-sdor-dura\/\" class=\"\" title=\"Ver: TALLER SAORET S.L\">TALLER SAORET S.L<\/a><\/h3><\/div>\n\n\n\n\n\n\n\n\n\n<div class=\"geodir_post_meta gd-fav-info-wrap  float-end ms-2  gv-hide-s-2  \" >\t\t<span class=\"gd-list-favorite\">\n\t\t\t\t\t<\/span>\n\t\t<\/div>\n\n<div class=\"geodir-output-location bsui sdel-cc65ff07\" ><div class='list-group mx-n2   d-block geodir-output-location geodir-output-location-listing' style='clear:both;'><div class=\"geodir_post_meta list-group-item list-group-item-action border-start-0 border-end-0 rounded-0 px-2  geodir-field-email\"><span class=\"geodir_post_meta_icon geodir-i-email\" style=\"\"><i class=\"far fa-envelope fa-fw fa-width-fixed\" aria-hidden=\"true\"><\/i> <span class=\"geodir_post_meta_title \" >Correo electr\u00f3nico: <\/span><\/span><a href='mailto:talleres-saoret@hotmail.com' target='_blank'>talleres-saoret@hotmail.com<\/a><\/div><\/div><\/div>\n<div class=\"geodir-post-content-container bsui sdel-5b310e98\" ><div class=\"geodir_post_meta  clear-both   position-relative geodir-field-post_content\"  style='max-height:120px;overflow:hidden;' >Tipo de actividad: Mec\u00e1nica y electr\u00f3nica del autom\u00f3vil. <a href=\"https:\/\/poligon.elrealdegandia.org\/es\/places\/spain\/valencia\/real-de-gandia\/talleres\/taller-saoret-sdor-dura\/#post_content\" class=\"gd-read-more  gd-read-more-fade w-100 position-absolute text-center pt-5\" style=\"bottom:0;left:0;background-image: linear-gradient(to bottom,transparent,#fff);\">Leer m\u00e1s...<\/a><\/div><\/div>\n<\/div>\t<\/div>\n\t<\/div>\n\n<div class=\"col px-2 mb-2 geodir-post post-1157 gd_place type-gd_place status-publish has-post-thumbnail post post-with-thumbnail post-with-thumbnail-icon\" data-post-id=\"1157\">\n\t\t<div class=\"card h-100 p-0 m-0 mw-100  \">\n\t<div class=\"card-img-top overflow-hidden position-relative  \">\n\n<div class=\"geodir-post-slider bsui sdel-b2db03d5\" ><div class=\"geodir-image-container geodir-image-sizes-medium_large overflow-hidden\">\n\t\t\t<div class=\"geodir-images aui-gallery geodir-images-n-1 geodir-images-image carousel-inner \">\n\t\t<div class=\"carousel-item active\"><a href=\"https:\/\/poligon.elrealdegandia.org\/es\/places\/spain\/valencia\/real-de-gandia\/taller-automoviles\/vicente-soler-borrull\/\" class=\"geodir-link-image embed-has-action ratio ratio-16x9 ratio ratio-16x9 d-block\"><img src='data:image\/png;base64,iVBORw0KGgoAAAANSUhEUgAAAGQAAAABCAQAAACC0sM2AAAADklEQVR42mP8X88wLAAAK5IBgMYCdqgAAAAASUVORK5CYII=' data-src=\"https:\/\/poligon.elrealdegandia.org\/wp-content\/uploads\/2018\/04\/697_dtco_tacografos-2.jpg\" alt=\"dtco_tacografos-2\" title=\"dtco_tacografos-2\" class=\"geodir-lazy-load align size-medium_large geodir-image-1075 embed-item-cover-xy w-100 p-0 m-0 mw-100 border-0\" \/><i class=\"fas fa-link w-auto h-auto\" aria-hidden=\"true\"><\/i><\/a><\/div>\t\t<\/div>\n\t\t<\/div>\n<\/div>\n<\/div>\n<div class=\"card-body p-2  \">\n<div class=\"geodir-post-title bsui sdel-1fdff23a\" ><h3 class=\"geodir-entry-title  h5 \"><a href=\"https:\/\/poligon.elrealdegandia.org\/es\/places\/spain\/valencia\/real-de-gandia\/taller-automoviles\/vicente-soler-borrull\/\" class=\"\" title=\"Ver: VICENTE SOLER BORRULL\">VICENTE SOLER BORRULL<\/a><\/h3><\/div>\n\n\n\n\n\n\n\n\n\n<div class=\"geodir_post_meta gd-fav-info-wrap  float-end ms-2  gv-hide-s-2  \" >\t\t<span class=\"gd-list-favorite\">\n\t\t\t\t\t<\/span>\n\t\t<\/div>\n\n<div class=\"geodir-output-location bsui sdel-cc65ff07\" ><div class='list-group mx-n2   d-block geodir-output-location geodir-output-location-listing' style='clear:both;'><div class=\"geodir_post_meta list-group-item list-group-item-action border-start-0 border-end-0 rounded-0 px-2  geodir-field-email\"><span class=\"geodir_post_meta_icon geodir-i-email\" style=\"\"><i class=\"far fa-envelope fa-fw fa-width-fixed\" aria-hidden=\"true\"><\/i> <span class=\"geodir_post_meta_title \" >Correo electr\u00f3nico: <\/span><\/span><a href='mailto:tallersoler@gmail.com' target='_blank'>tallersoler@gmail.com<\/a><\/div><\/div><\/div>\n<div class=\"geodir-post-content-container bsui sdel-5b310e98\" ><div class=\"geodir_post_meta  clear-both   position-relative geodir-field-post_content\"  style='max-height:120px;overflow:hidden;' >Tipo de actividad:\u00a0 Electricidad del autom\u00f3vil, mec\u00e1nica, servicio oficial tac\u00f3grafos, aires acondicionados y calefacci\u00f3n. <a href=\"https:\/\/poligon.elrealdegandia.org\/es\/places\/spain\/valencia\/real-de-gandia\/taller-automoviles\/vicente-soler-borrull\/#post_content\" class=\"gd-read-more  gd-read-more-fade w-100 position-absolute text-center pt-5\" style=\"bottom:0;left:0;background-image: linear-gradient(to bottom,transparent,#fff);\">Leer m\u00e1s...<\/a><\/div><\/div>\n<\/div>\t<\/div>\n\t<\/div>\n\n<div class=\"col px-2 mb-2 geodir-post post-190 gd_place type-gd_place status-publish has-post-thumbnail post post-with-thumbnail post-with-thumbnail-icon\" data-post-id=\"190\">\n\t\t<div class=\"card h-100 p-0 m-0 mw-100  \">\n\t<div class=\"card-img-top overflow-hidden position-relative  \">\n\n<div class=\"geodir-post-slider bsui sdel-b2db03d5\" ><div class=\"geodir-image-container geodir-image-sizes-medium_large overflow-hidden\">\n\t\t\t<div class=\"geodir-images aui-gallery geodir-images-n-1 geodir-images-image carousel-inner \">\n\t\t<div class=\"carousel-item active\"><a href=\"https:\/\/poligon.elrealdegandia.org\/es\/places\/spain\/valencia\/real-de-gandia\/construccion\/vimaco-refrigeracion-s-l\/\" class=\"geodir-link-image embed-has-action ratio ratio-16x9 ratio ratio-16x9 d-block\"><img src='data:image\/png;base64,iVBORw0KGgoAAAANSUhEUgAAAGQAAAABCAQAAACC0sM2AAAADklEQVR42mP8X88wLAAAK5IBgMYCdqgAAAAASUVORK5CYII=' data-src=\"https:\/\/poligon.elrealdegandia.org\/wp-content\/uploads\/2017\/10\/190_vimaco.jpg\" alt=\"vimaco\" title=\"vimaco\" class=\"geodir-lazy-load align size-medium_large geodir-image-23 embed-item-cover-xy w-100 p-0 m-0 mw-100 border-0\" \/><i class=\"fas fa-link w-auto h-auto\" aria-hidden=\"true\"><\/i><\/a><\/div>\t\t<\/div>\n\t\t<\/div>\n<\/div>\n<\/div>\n<div class=\"card-body p-2  \">\n<div class=\"geodir-post-title bsui sdel-1fdff23a\" ><h3 class=\"geodir-entry-title  h5 \"><a href=\"https:\/\/poligon.elrealdegandia.org\/es\/places\/spain\/valencia\/real-de-gandia\/construccion\/vimaco-refrigeracion-s-l\/\" class=\"\" title=\"Ver: VIMACO REFRIGERACI\u00d3N, S.L.\">VIMACO REFRIGERACI\u00d3N, S.L.<\/a><\/h3><\/div>\n\n\n\n<span class=\"bsui gd-badge-meta\"><a href=\"http:\/\/www.facebook.com\/VimacoRefrigeracion\" target=\"_blank\" class=\"gd-badge border-0 badge float-start ms-2\" data-id=\"190\" data-badge=\"facebook\" data-badge-condition=\"is_not_empty\" onclick=\" if(typeof ga == &#039;function&#039; &amp;&amp; !jQuery(this).hasClass(&#039;gd-event-tracked&#039;)) { ga(&#039;send&#039;, &#039;event&#039;, {eventCategory: &#039;CTA&#039;,eventAction: &#039;facebook&#039;,transport: &#039;beacon&#039; });jQuery(this).addClass(&#039;gd-event-tracked&#039;);} \" style=\"background-color:#2b4be8;border-color:#2b4be8;color:#ffffff;\" rel=\"nofollow noopener\"><i class=\"fab fa-facebook-f fa-fw fa-width-fixed\" ><\/i>  <span class='gd-secondary gv-secondary'><\/span><\/a>\n<\/span>\n\n<span class=\"bsui gd-badge-meta\"><a href=\"http:\/\/www.vimaco.es\" target=\"_blank\" class=\"gd-badge border-0 badge float-start ms-2\" data-id=\"190\" data-badge=\"website\" data-badge-condition=\"is_not_empty\" onclick=\" if(typeof ga == &#039;function&#039; &amp;&amp; !jQuery(this).hasClass(&#039;gd-event-tracked&#039;)) { ga(&#039;send&#039;, &#039;event&#039;, {eventCategory: &#039;CTA&#039;,eventAction: &#039;website&#039;,transport: &#039;beacon&#039; });jQuery(this).addClass(&#039;gd-event-tracked&#039;);} \" style=\"background-color:#85a9b5;border-color:#85a9b5;color:#ffffff;\" rel=\"nofollow noopener\"><i class=\"fas fa-link fa-fw fa-width-fixed\" ><\/i>  <span class='gd-secondary gv-secondary'><\/span><\/a>\n<\/span>\n\n\n\n<div class=\"geodir_post_meta gd-fav-info-wrap  float-end ms-2  gv-hide-s-2  \" >\t\t<span class=\"gd-list-favorite\">\n\t\t\t\t\t<\/span>\n\t\t<\/div>\n\n<div class=\"geodir-output-location bsui sdel-cc65ff07\" ><div class='list-group mx-n2   d-block geodir-output-location geodir-output-location-listing' style='clear:both;'><div class=\"geodir_post_meta list-group-item list-group-item-action border-start-0 border-end-0 rounded-0 px-2  geodir-field-email\"><span class=\"geodir_post_meta_icon geodir-i-email\" style=\"\"><i class=\"far fa-envelope fa-fw fa-width-fixed\" aria-hidden=\"true\"><\/i> <span class=\"geodir_post_meta_title \" >Correo electr\u00f3nico: <\/span><\/span><a href='mailto:vimaco@vimaco.es' target='_blank'>vimaco@vimaco.es<\/a><\/div><\/div><\/div>\n<div class=\"geodir-post-content-container bsui sdel-5b310e98\" ><div class=\"geodir_post_meta  clear-both   position-relative geodir-field-post_content\"  style='max-height:120px;overflow:hidden;' >Tipo de actividad:\u00a0Empresa Instaladora, reparadora y mantenedora de equipos de fr\u00edo industrial, aire acondicionado y calefacci\u00f3n. &nbsp; <a href=\"https:\/\/poligon.elrealdegandia.org\/es\/places\/spain\/valencia\/real-de-gandia\/construccion\/vimaco-refrigeracion-s-l\/#post_content\" class=\"gd-read-more  gd-read-more-fade w-100 position-absolute text-center pt-5\" style=\"bottom:0;left:0;background-image: linear-gradient(to bottom,transparent,#fff);\">Leer m\u00e1s...<\/a><\/div><\/div>\n<\/div>\t<\/div>\n\t<\/div>\n\t<\/div>\n<div class=\"geodir-widget-bottom text-center\"><a href=\"https:\/\/poligon.elrealdegandia.org\/es\/places\/category\/zona-3\/\" class=\"geodir-all-link btn btn-outline-primary\">Ver totdo<\/a><\/div>\t\t<\/div>\n\t\t<\/div><\/div><\/div><\/div>","protected":false},"excerpt":{"rendered":"<p>ZONA 1 ZONA 2 ZONA 3 Buscar por Cerca de BuscarSearch {\u00abhide_search_input\u00bb:\u00bb0&#8243;,\u00bbhide_near_input\u00bb:\u00bb0&#8243;,\u00bbinput_size\u00bb:\u00bb\u00bb,\u00bbbar_flex_wrap\u00bb:\u00bb\u00bb,\u00bbbar_flex_wrap_md\u00bb:\u00bb\u00bb,\u00bbbar_flex_wrap_lg\u00bb:\u00bb\u00bb,\u00bbinput_border\u00bb:\u00bb\u00bb,\u00bbinput_border_opacity\u00bb:\u00bb\u00bb,\u00bbinput_rounded_size\u00bb:\u00bb\u00bb,\u00bbbtn_bg\u00bb:\u00bb\u00bb,\u00bbbtn_rounded_size\u00bb:\u00bb\u00bb,\u00bbbtn_rounded_size_md\u00bb:\u00bb\u00bb,\u00bbbtn_rounded_size_lg\u00bb:\u00bb\u00bb,\u00bbbg\u00bb:\u00bb\u00bb,\u00bbmt\u00bb:\u00bb\u00bb,\u00bbmr\u00bb:\u00bb\u00bb,\u00bbmb\u00bb:\u00bb3&#8243;,\u00bbml\u00bb:\u00bb\u00bb,\u00bbpt\u00bb:\u00bb\u00bb,\u00bbpr\u00bb:\u00bb\u00bb,\u00bbpb\u00bb:\u00bb\u00bb,\u00bbpl\u00bb:\u00bb\u00bb,\u00bbborder\u00bb:\u00bb\u00bb,\u00bbrounded\u00bb:\u00bb\u00bb,\u00bbrounded_size\u00bb:\u00bb\u00bb,\u00bbrounded_size_md\u00bb:\u00bb\u00bb,\u00bbrounded_size_lg\u00bb:\u00bb\u00bb,\u00bbshadow\u00bb:\u00bb\u00bb,\u00bbcss_class\u00bb:\u00bb\u00bb} AFA PVC, S.L. Correo electr\u00f3nico: info@afapvc.com Tipo de actividad:\u00a0Ventanas y Puertas. Leer m\u00e1s&#8230; [&hellip;]<\/p>\n","protected":false},"author":1,"featured_media":0,"parent":0,"menu_order":0,"comment_status":"closed","ping_status":"closed","template":"","meta":{"footnotes":""},"class_list":["post-3076","page","type-page","status-publish","hentry","post"],"_links":{"self":[{"href":"https:\/\/poligon.elrealdegandia.org\/es\/wp-json\/wp\/v2\/pages\/3076","targetHints":{"allow":["GET"]}}],"collection":[{"href":"https:\/\/poligon.elrealdegandia.org\/es\/wp-json\/wp\/v2\/pages"}],"about":[{"href":"https:\/\/poligon.elrealdegandia.org\/es\/wp-json\/wp\/v2\/types\/page"}],"author":[{"embeddable":true,"href":"https:\/\/poligon.elrealdegandia.org\/es\/wp-json\/wp\/v2\/users\/1"}],"replies":[{"embeddable":true,"href":"https:\/\/poligon.elrealdegandia.org\/es\/wp-json\/wp\/v2\/comments?post=3076"}],"version-history":[{"count":0,"href":"https:\/\/poligon.elrealdegandia.org\/es\/wp-json\/wp\/v2\/pages\/3076\/revisions"}],"wp:attachment":[{"href":"https:\/\/poligon.elrealdegandia.org\/es\/wp-json\/wp\/v2\/media?parent=3076"}],"curies":[{"name":"wp","href":"https:\/\/api.w.org\/{rel}","templated":true}]}}